{"id":5,"date":"2023-01-11T00:03:28","date_gmt":"2023-01-11T00:03:28","guid":{"rendered":"https:\/\/salteriodegenebra.com.br\/?page_id=5"},"modified":"2025-04-21T19:24:55","modified_gmt":"2025-04-21T22:24:55","slug":"inicio","status":"publish","type":"page","link":"https:\/\/salteriodegenebra.com.br\/","title":{"rendered":""},"content":{"rendered":"\r\n<p><strong>Salt\u00e9rio de Genebra em Portugu\u00eas<\/strong><\/p>\r\n\r\n\r\n\r\n<p>Este site \u00e9 uma iniciativa volunt\u00e1ria visando a permitir que crist\u00e3os de fala portuguesa possam cantar os 150 salmos utilizando as melodias do Salt\u00e9rio de Genebra. Buscamos reunir as melhores metrifica\u00e7\u00f5es dispon\u00edveis at\u00e9 o momento, tanto no que diz respeito \u00e0 fidelidade ao texto b\u00edblico como no que diz respeito a crit\u00e9rios musicais e po\u00e9ticos. No entanto, alertamos que n\u00e3o se trata de um trabalho final, e muitas corre\u00e7\u00f5es e aprimoramentos nas letras ainda s\u00e3o necess\u00e1rios. Al\u00e9m disso, as partituras ainda n\u00e3o foram revisadas e podem estar sujeitas a erros.<\/p>\r\n\r\n\r\n\r\n<p>Reunimos aqui metrifica\u00e7\u00f5es produzidas pela Comiss\u00e3o Brasileira de Salmodia e pelos irm\u00e3os Arthur Elohim Pires, Lucas Grassi Freire e V\u00edtor Augusto Olivier. Em cada salmo, est\u00e1 indicada a pessoa ou grupo que elaborou a metrifica\u00e7\u00e3o.<\/p>\r\n\r\n\r\n\r\n<p>Todo o material dispon\u00edvel neste site possui licen\u00e7a <strong>CC0 1.0 Universal (CC0 1.0) \/ Dedica\u00e7\u00e3o ao Dom\u00ednio P\u00fablico<\/strong>, ou seja, os autores das letras renunciam a todos os seus direitos sob as leis de direito de autor e\/ou de direitos conexos referentes ao trabalho, em todo o mundo, na medida permitida por lei. Voc\u00ea pode copiar, modificar, distribuir e executar o trabalho, mesmo para fins comerciais, tudo sem pedir autoriza\u00e7\u00e3o.<\/p>\r\n\r\n\r\n\r\n<p>Periodicamente, o material ser\u00e1 atualizado \u00e0 medida que ele for aprimorado. Para propor corre\u00e7\u00f5es ou melhorias, entre em contato escrevendo para o e-mail contato@salteriodegenebra.com.br<\/p>\r\n\r\n\r\n\r\n<p>Data da \u00faltima atualiza\u00e7\u00e3o: 21\/04\/2025<\/p>\r\n\r\n\r\n\r\n<p>Clique nos links abaixo para baixar os materiais dispon\u00edveis:<\/p>\r\n\r\n\r\n\r\n<p><a href=\"https:\/\/salteriodegenebra.com.br\/wp-content\/uploads\/2025\/04\/letras.docx\" target=\"_blank\" rel=\"noopener\" download=\"\">Letras (.docx)<\/a><\/p>\r\n<p><a href=\"https:\/\/salteriodegenebra.com.br\/wp-content\/uploads\/2025\/04\/partituras_musicxml.zip\" target=\"_blank\" rel=\"noopener\" download=\"\">Partituras edit\u00e1veis (musicXML)<\/a><\/p>\r\n<p><a href=\"https:\/\/salteriodegenebra.com.br\/wp-content\/uploads\/2025\/04\/partituras_musescore.zip\" target=\"_blank\" rel=\"noopener\" download=\"\">Partituras edit\u00e1veis (MuseScore)<\/a><\/p>\r\n<p><a href=\"https:\/\/salteriodegenebra.com.br\/wp-content\/uploads\/2025\/04\/partituras_pdf.zip\" target=\"_blank\" rel=\"noopener\" download=\"\">Partituras (PDF)<\/a><\/p>\r\n<p><a href=\"https:\/\/salteriodegenebra.com.br\/wp-content\/uploads\/2025\/04\/partituras.pdf\" target=\"_blank\" rel=\"noopener\" download=\"\">Partituras em arquivo \u00fanico (PDF)<\/a><\/p>\r\n<p><a href=\"https:\/\/salteriodegenebra.com.br\/wp-content\/uploads\/2025\/04\/audio_instrumental_mp3.zip\" target=\"_blank\" rel=\"noopener\" download=\"\">\u00c1udio instrumental (MP3)<\/a><\/p>\r\n<p><a href=\"https:\/\/salteriodegenebra.com.br\/wp-content\/uploads\/2025\/04\/audio_instrumental_midi.zip\" target=\"_blank\" rel=\"noopener\" download=\"\">\u00c1udio instrumental (MIDI)<\/a><\/p>\r\n\r\n\r\n\r\n<p><a href=\"https:\/\/salteriodegenebra.com.br\/\">Ver p\u00e1gina<\/a><\/p>\r\n","protected":false},"excerpt":{"rendered":"<p>Salt\u00e9rio de Genebra em Portugu\u00eas Este site \u00e9 uma iniciativa volunt\u00e1ria visando a permitir que crist\u00e3os de fala portuguesa possam cantar os 150 salmos utilizando as melodias do Salt\u00e9rio de Genebra. Buscamos reunir as melhores metrifica\u00e7\u00f5es dispon\u00edveis at\u00e9 o momento, tanto no que diz respeito \u00e0 fidelidade ao texto b\u00edblico como no que diz respeito<a class=\"more-link\" href=\"https:\/\/salteriodegenebra.com.br\/\">Continue reading <\/a><\/p>\n","protected":false},"author":1,"featured_media":0,"parent":0,"menu_order":0,"comment_status":"closed","ping_status":"closed","template":"","meta":{"footnotes":""},"class_list":["post-5","page","type-page","status-publish","hentry","entry"],"aioseo_notices":[],"_links":{"self":[{"href":"https:\/\/salteriodegenebra.com.br\/index.php?rest_route=\/wp\/v2\/pages\/5","targetHints":{"allow":["GET"]}}],"collection":[{"href":"https:\/\/salteriodegenebra.com.br\/index.php?rest_route=\/wp\/v2\/pages"}],"about":[{"href":"https:\/\/salteriodegenebra.com.br\/index.php?rest_route=\/wp\/v2\/types\/page"}],"author":[{"embeddable":true,"href":"https:\/\/salteriodegenebra.com.br\/index.php?rest_route=\/wp\/v2\/users\/1"}],"replies":[{"embeddable":true,"href":"https:\/\/salteriodegenebra.com.br\/index.php?rest_route=%2Fwp%2Fv2%2Fcomments&post=5"}],"version-history":[{"count":50,"href":"https:\/\/salteriodegenebra.com.br\/index.php?rest_route=\/wp\/v2\/pages\/5\/revisions"}],"predecessor-version":[{"id":231,"href":"https:\/\/salteriodegenebra.com.br\/index.php?rest_route=\/wp\/v2\/pages\/5\/revisions\/231"}],"wp:attachment":[{"href":"https:\/\/salteriodegenebra.com.br\/index.php?rest_route=%2Fwp%2Fv2%2Fmedia&parent=5"}],"curies":[{"name":"wp","href":"https:\/\/api.w.org\/{rel}","templated":true}]}}